{"version":"1.0","provider_name":"Fuentes Fidedignas","provider_url":"https:\/\/fuentesfidedignas.com.mx","author_name":"Mtro. Horacio de Jes\u00fas Malcampo Moreno","author_url":"https:\/\/fuentesfidedignas.com.mx\/index.php\/author\/horacio\/","title":"Replanteando el modelo de Universidad - Fuentes Fidedignas","type":"rich","width":600,"height":338,"html":"<blockquote class=\"wp-embedded-content\" data-secret=\"FvQknEK9K1\"><a href=\"https:\/\/fuentesfidedignas.com.mx\/index.php\/2024\/08\/04\/replanteando-el-modelo-de-universidad\/\">Replanteando el modelo de Universidad<\/a><\/blockquote><iframe sandbox=\"allow-scripts\" security=\"restricted\" src=\"https:\/\/fuentesfidedignas.com.mx\/index.php\/2024\/08\/04\/replanteando-el-modelo-de-universidad\/embed\/#?secret=FvQknEK9K1\" width=\"600\" height=\"338\" title=\"&#8220;Replanteando el modelo de Universidad&#8221; &#8212; Fuentes Fidedignas\" data-secret=\"FvQknEK9K1\" frameborder=\"0\" marginwidth=\"0\" marginheight=\"0\" scrolling=\"no\" class=\"wp-embedded-content\"><\/iframe><script type=\"text\/javascript\">\n\/* <![CDATA[ *\/\n\/*! This file is auto-generated *\/\n!function(d,l){\"use strict\";l.querySelector&&d.addEventListener&&\"undefined\"!=typeof URL&&(d.wp=d.wp||{},d.wp.receiveEmbedMessage||(d.wp.receiveEmbedMessage=function(e){var t=e.data;if((t||t.secret||t.message||t.value)&&!\/[^a-zA-Z0-9]\/.test(t.secret)){for(var s,r,n,a=l.querySelectorAll('iframe[data-secret=\"'+t.secret+'\"]'),o=l.querySelectorAll('blockquote[data-secret=\"'+t.secret+'\"]'),c=new RegExp(\"^https?:$\",\"i\"),i=0;i<o.length;i++)o[i].style.display=\"none\";for(i=0;i<a.length;i++)s=a[i],e.source===s.contentWindow&&(s.removeAttribute(\"style\"),\"height\"===t.message?(1e3<(r=parseInt(t.value,10))?r=1e3:~~r<200&&(r=200),s.height=r):\"link\"===t.message&&(r=new URL(s.getAttribute(\"src\")),n=new URL(t.value),c.test(n.protocol))&&n.host===r.host&&l.activeElement===s&&(d.top.location.href=t.value))}},d.addEventListener(\"message\",d.wp.receiveEmbedMessage,!1),l.addEventListener(\"DOMContentLoaded\",function(){for(var e,t,s=l.querySelectorAll(\"iframe.wp-embedded-content\"),r=0;r<s.length;r++)(t=(e=s[r]).getAttribute(\"data-secret\"))||(t=Math.random().toString(36).substring(2,12),e.src+=\"#?secret=\"+t,e.setAttribute(\"data-secret\",t)),e.contentWindow.postMessage({message:\"ready\",secret:t},\"*\")},!1)))}(window,document);\n\/\/# sourceURL=https:\/\/fuentesfidedignas.com.mx\/wp-includes\/js\/wp-embed.min.js\n\/* ]]> *\/\n<\/script>\n","thumbnail_url":"https:\/\/fuentesfidedignas.com.mx\/wp-content\/uploads\/2024\/08\/91178e25-8f06-465c-b570-5bc0c01ba0cb-1.jpg","thumbnail_width":1600,"thumbnail_height":1066,"description":"El pasado mi\u00e9rcoles, tuve el privilegio de participar en un foro de suma importancia para el futuro de la Universidad Aut\u00f3noma de Sinaloa (UAS). La Comisi\u00f3n Permanente de Educaci\u00f3n, Ciencia y Tecnolog\u00eda del Congreso del Estado de Sinaloa convoc\u00f3 a una reuni\u00f3n en el Sal\u00f3n Constituyentes de 1917 del Poder Legislativo, con el prop\u00f3sito de [&hellip;]"}