{"version":"1.0","provider_name":"Fuentes Fidedignas","provider_url":"https:\/\/fuentesfidedignas.com.mx","author_name":"L\u00f3pez D\u00f3riga","author_url":"https:\/\/fuentesfidedignas.com.mx\/index.php\/author\/doriga\/","title":"As\u00ed se vio la transmisi\u00f3n en vivo del Eclipse solar anular en M\u00e9xico - Fuentes Fidedignas","type":"rich","width":600,"height":338,"html":"<blockquote class=\"wp-embedded-content\" data-secret=\"oDkxNVNoAD\"><a href=\"https:\/\/fuentesfidedignas.com.mx\/index.php\/2023\/10\/14\/envivo-eclipse-solar-anular-en-mexico\/\">As\u00ed se vio la transmisi\u00f3n en vivo del Eclipse solar anular en M\u00e9xico<\/a><\/blockquote><iframe sandbox=\"allow-scripts\" security=\"restricted\" src=\"https:\/\/fuentesfidedignas.com.mx\/index.php\/2023\/10\/14\/envivo-eclipse-solar-anular-en-mexico\/embed\/#?secret=oDkxNVNoAD\" width=\"600\" height=\"338\" title=\"&#8220;As\u00ed se vio la transmisi\u00f3n en vivo del Eclipse solar anular en M\u00e9xico&#8221; &#8212; Fuentes Fidedignas\" data-secret=\"oDkxNVNoAD\" frameborder=\"0\" marginwidth=\"0\" marginheight=\"0\" scrolling=\"no\" class=\"wp-embedded-content\"><\/iframe><script type=\"text\/javascript\">\n\/* <![CDATA[ *\/\n\/*! This file is auto-generated *\/\n!function(d,l){\"use strict\";l.querySelector&&d.addEventListener&&\"undefined\"!=typeof URL&&(d.wp=d.wp||{},d.wp.receiveEmbedMessage||(d.wp.receiveEmbedMessage=function(e){var t=e.data;if((t||t.secret||t.message||t.value)&&!\/[^a-zA-Z0-9]\/.test(t.secret)){for(var s,r,n,a=l.querySelectorAll('iframe[data-secret=\"'+t.secret+'\"]'),o=l.querySelectorAll('blockquote[data-secret=\"'+t.secret+'\"]'),c=new RegExp(\"^https?:$\",\"i\"),i=0;i<o.length;i++)o[i].style.display=\"none\";for(i=0;i<a.length;i++)s=a[i],e.source===s.contentWindow&&(s.removeAttribute(\"style\"),\"height\"===t.message?(1e3<(r=parseInt(t.value,10))?r=1e3:~~r<200&&(r=200),s.height=r):\"link\"===t.message&&(r=new URL(s.getAttribute(\"src\")),n=new URL(t.value),c.test(n.protocol))&&n.host===r.host&&l.activeElement===s&&(d.top.location.href=t.value))}},d.addEventListener(\"message\",d.wp.receiveEmbedMessage,!1),l.addEventListener(\"DOMContentLoaded\",function(){for(var e,t,s=l.querySelectorAll(\"iframe.wp-embedded-content\"),r=0;r<s.length;r++)(t=(e=s[r]).getAttribute(\"data-secret\"))||(t=Math.random().toString(36).substring(2,12),e.src+=\"#?secret=\"+t,e.setAttribute(\"data-secret\",t)),e.contentWindow.postMessage({message:\"ready\",secret:t},\"*\")},!1)))}(window,document);\n\/\/# sourceURL=https:\/\/fuentesfidedignas.com.mx\/wp-includes\/js\/wp-embed.min.js\n\/* ]]> *\/\n<\/script>\n","thumbnail_url":"https:\/\/fuentesfidedignas.com.mx\/wp-content\/uploads\/2023\/10\/eclipse-solar-en-mexico-horario-trayectoria-e-indicaciones-2-scaled-1.jpg","thumbnail_width":1024,"thumbnail_height":682,"description":"En M\u00e9xico, el eclipse solar anular, denominado \u201cel anillo de fuego\u201d, se podr\u00e1 apreciar en la Pen\u00ednsula de Yucat\u00e1n Este s\u00e1bado se producir\u00e1 un\u00a0eclipse solar anular\u00a0que ser\u00e1 visible en el oeste de los\u00a0Estados Unidos, en algunos puntos de\u00a0Am\u00e9rica Central y del Sur, en\u00a0M\u00e9xico\u00a0particularmente en la\u00a0Pen\u00ednsula de Yucat\u00e1n, y de manera residual en\u00a0Europa. Un eclipse sucede [&hellip;]"}