{"version":"1.0","provider_name":"Fuentes Fidedignas","provider_url":"https:\/\/fuentesfidedignas.com.mx","author_name":"Marissa Palafox","author_url":"https:\/\/fuentesfidedignas.com.mx\/index.php\/author\/marissa\/","title":"Feliciano Castro, esperanzado en resolver conflicto por Ley Org\u00e1nica de la UAS - Fuentes Fidedignas","type":"rich","width":600,"height":338,"html":"<blockquote class=\"wp-embedded-content\" data-secret=\"PzcgpFTm86\"><a href=\"https:\/\/fuentesfidedignas.com.mx\/index.php\/2023\/06\/01\/borrador-feliciano-uas\/\">Feliciano Castro, esperanzado en resolver conflicto por Ley Org\u00e1nica de la UAS<\/a><\/blockquote><iframe sandbox=\"allow-scripts\" security=\"restricted\" src=\"https:\/\/fuentesfidedignas.com.mx\/index.php\/2023\/06\/01\/borrador-feliciano-uas\/embed\/#?secret=PzcgpFTm86\" width=\"600\" height=\"338\" title=\"&#8220;Feliciano Castro, esperanzado en resolver conflicto por Ley Org\u00e1nica de la UAS&#8221; &#8212; Fuentes Fidedignas\" data-secret=\"PzcgpFTm86\" frameborder=\"0\" marginwidth=\"0\" marginheight=\"0\" scrolling=\"no\" class=\"wp-embedded-content\"><\/iframe><script type=\"text\/javascript\">\n\/* <![CDATA[ *\/\n\/*! This file is auto-generated *\/\n!function(d,l){\"use strict\";l.querySelector&&d.addEventListener&&\"undefined\"!=typeof URL&&(d.wp=d.wp||{},d.wp.receiveEmbedMessage||(d.wp.receiveEmbedMessage=function(e){var t=e.data;if((t||t.secret||t.message||t.value)&&!\/[^a-zA-Z0-9]\/.test(t.secret)){for(var s,r,n,a=l.querySelectorAll('iframe[data-secret=\"'+t.secret+'\"]'),o=l.querySelectorAll('blockquote[data-secret=\"'+t.secret+'\"]'),c=new RegExp(\"^https?:$\",\"i\"),i=0;i<o.length;i++)o[i].style.display=\"none\";for(i=0;i<a.length;i++)s=a[i],e.source===s.contentWindow&&(s.removeAttribute(\"style\"),\"height\"===t.message?(1e3<(r=parseInt(t.value,10))?r=1e3:~~r<200&&(r=200),s.height=r):\"link\"===t.message&&(r=new URL(s.getAttribute(\"src\")),n=new URL(t.value),c.test(n.protocol))&&n.host===r.host&&l.activeElement===s&&(d.top.location.href=t.value))}},d.addEventListener(\"message\",d.wp.receiveEmbedMessage,!1),l.addEventListener(\"DOMContentLoaded\",function(){for(var e,t,s=l.querySelectorAll(\"iframe.wp-embedded-content\"),r=0;r<s.length;r++)(t=(e=s[r]).getAttribute(\"data-secret\"))||(t=Math.random().toString(36).substring(2,12),e.src+=\"#?secret=\"+t,e.setAttribute(\"data-secret\",t)),e.contentWindow.postMessage({message:\"ready\",secret:t},\"*\")},!1)))}(window,document);\n\/\/# sourceURL=https:\/\/fuentesfidedignas.com.mx\/wp-includes\/js\/wp-embed.min.js\n\/* ]]> *\/\n<\/script>\n","thumbnail_url":"https:\/\/fuentesfidedignas.com.mx\/wp-content\/uploads\/2023\/06\/feliciano-01-06-23.jpg","thumbnail_width":600,"thumbnail_height":396,"description":"Culiac\u00e1n, Sin.- Se est\u00e1n generando condiciones y voluntades que permitir\u00e1n avanzar en la reforma a la Ley Org\u00e1nica de la Universidad Aut\u00f3noma de Sinaloa, afirm\u00f3 el presidente de la Junta de Coordinaci\u00f3n Pol\u00edtica del Congreso del Estado, Feliciano Castro Mel\u00e9ndrez. El diputado se\u00f1al\u00f3 que se est\u00e1 avanzando en la v\u00eda jur\u00eddica, y calific\u00f3 como un [&hellip;]"}