{"version":"1.0","provider_name":"Fuentes Fidedignas","provider_url":"https:\/\/fuentesfidedignas.com.mx","author_name":"Jos\u00e9 Ram\u00f3n Guzm\u00e1n Serrano","author_url":"https:\/\/fuentesfidedignas.com.mx\/index.php\/author\/joseramon\/","title":"En memoria de Luis Enrique Ram\u00edrez Ramos - Fuentes Fidedignas","type":"rich","width":600,"height":338,"html":"<blockquote class=\"wp-embedded-content\" data-secret=\"8JBmauVrCW\"><a href=\"https:\/\/fuentesfidedignas.com.mx\/index.php\/2022\/06\/07\/en-memoria-de-luis-enrique-ramirez-ramos\/\">En memoria de Luis Enrique Ram\u00edrez Ramos<\/a><\/blockquote><iframe sandbox=\"allow-scripts\" security=\"restricted\" src=\"https:\/\/fuentesfidedignas.com.mx\/index.php\/2022\/06\/07\/en-memoria-de-luis-enrique-ramirez-ramos\/embed\/#?secret=8JBmauVrCW\" width=\"600\" height=\"338\" title=\"&#8220;En memoria de Luis Enrique Ram\u00edrez Ramos&#8221; &#8212; Fuentes Fidedignas\" data-secret=\"8JBmauVrCW\" frameborder=\"0\" marginwidth=\"0\" marginheight=\"0\" scrolling=\"no\" class=\"wp-embedded-content\"><\/iframe><script type=\"text\/javascript\">\n\/* <![CDATA[ *\/\n\/*! This file is auto-generated *\/\n!function(d,l){\"use strict\";l.querySelector&&d.addEventListener&&\"undefined\"!=typeof URL&&(d.wp=d.wp||{},d.wp.receiveEmbedMessage||(d.wp.receiveEmbedMessage=function(e){var t=e.data;if((t||t.secret||t.message||t.value)&&!\/[^a-zA-Z0-9]\/.test(t.secret)){for(var s,r,n,a=l.querySelectorAll('iframe[data-secret=\"'+t.secret+'\"]'),o=l.querySelectorAll('blockquote[data-secret=\"'+t.secret+'\"]'),c=new RegExp(\"^https?:$\",\"i\"),i=0;i<o.length;i++)o[i].style.display=\"none\";for(i=0;i<a.length;i++)s=a[i],e.source===s.contentWindow&&(s.removeAttribute(\"style\"),\"height\"===t.message?(1e3<(r=parseInt(t.value,10))?r=1e3:~~r<200&&(r=200),s.height=r):\"link\"===t.message&&(r=new URL(s.getAttribute(\"src\")),n=new URL(t.value),c.test(n.protocol))&&n.host===r.host&&l.activeElement===s&&(d.top.location.href=t.value))}},d.addEventListener(\"message\",d.wp.receiveEmbedMessage,!1),l.addEventListener(\"DOMContentLoaded\",function(){for(var e,t,s=l.querySelectorAll(\"iframe.wp-embedded-content\"),r=0;r<s.length;r++)(t=(e=s[r]).getAttribute(\"data-secret\"))||(t=Math.random().toString(36).substring(2,12),e.src+=\"#?secret=\"+t,e.setAttribute(\"data-secret\",t)),e.contentWindow.postMessage({message:\"ready\",secret:t},\"*\")},!1)))}(window,document);\n\/\/# sourceURL=https:\/\/fuentesfidedignas.com.mx\/wp-includes\/js\/wp-embed.min.js\n\/* ]]> *\/\n<\/script>\n","thumbnail_url":"https:\/\/fuentesfidedignas.com.mx\/wp-content\/uploads\/2022\/06\/3acfa10e-a18a-4cdd-ba90-97bb9d5a9051.jpg","thumbnail_width":539,"thumbnail_height":453,"description":"Lo conoc\u00ed en una reuni\u00f3n en el todav\u00eda conocido como Farall\u00f3n en julio de 2011, lugar preferido para las reuniones pol\u00edticas en el gobierno de Mario L\u00f3pez Valdez. De Luis Enrique hasta esa fecha solo conoc\u00eda su faceta period\u00edstica. Principalmente su dura posici\u00f3n contra la candidatura de Jes\u00fas Vizcarra Calder\u00f3n a la gubernatura de Sinaloa. [&hellip;]"}